{"id":169,"date":"2026-07-10T17:04:02","date_gmt":"2026-07-10T17:04:02","guid":{"rendered":"https:\/\/amaraholix.it\/?page_id=169"},"modified":"2026-09-03T09:50:27","modified_gmt":"2026-09-03T09:50:27","slug":"privacy-policy","status":"publish","type":"page","link":"https:\/\/amaraholix.it\/en\/privacy-policy\/","title":{"rendered":"Privacy Policy"},"content":{"rendered":"<div data-elementor-type=\"wp-page\" data-elementor-id=\"169\" class=\"elementor elementor-169\" data-elementor-post-type=\"page\">\n\t\t\t\t<div class=\"elementor-element elementor-element-1a18d3e8 e-con-full e-flex e-con e-parent\" data-id=\"1a18d3e8\" data-element_type=\"container\" data-e-type=\"container\">\n\t\t<div class=\"elementor-element elementor-element-1d3d1e69 e-con-full e-flex e-con e-child\" data-id=\"1d3d1e69\" data-element_type=\"container\" data-e-type=\"container\" data-settings=\"{&quot;background_background&quot;:&quot;classic&quot;}\">\n\t\t<div class=\"elementor-element elementor-element-59512346 e-flex e-con-boxed e-con e-child\" data-id=\"59512346\" data-element_type=\"container\" data-e-type=\"container\">\n\t\t\t\t\t<div class=\"e-con-inner\">\n\t\t<div class=\"elementor-element elementor-element-510fe93e e-con-full e-flex e-con e-child\" data-id=\"510fe93e\" data-element_type=\"container\" data-e-type=\"container\">\n\t\t\t\t<div class=\"elementor-element elementor-element-40b3c466 elementor-widget__width-initial elementor-invisible elementor-widget elementor-widget-heading\" data-id=\"40b3c466\" data-element_type=\"widget\" data-e-type=\"widget\" data-settings=\"{&quot;_animation&quot;:&quot;fadeIn&quot;}\" data-widget_type=\"heading.default\">\n\t\t\t\t\t<h1 class=\"elementor-heading-title elementor-size-default\">Privacy Policy<\/h1>\t\t\t\t<\/div>\n\t\t\t\t<\/div>\n\t\t\t\t\t<\/div>\n\t\t\t\t<\/div>\n\t\t\t\t<\/div>\n\t\t\t\t<\/div>\n\t\t<div class=\"elementor-element elementor-element-1c0a094a e-flex e-con-boxed elementor-invisible e-con e-parent\" data-id=\"1c0a094a\" data-element_type=\"container\" data-e-type=\"container\" data-settings=\"{&quot;animation&quot;:&quot;fadeIn&quot;}\">\n\t\t\t\t\t<div class=\"e-con-inner\">\n\t\t\t\t<div class=\"elementor-element elementor-element-7fb193ff elementor-widget elementor-widget-heading\" data-id=\"7fb193ff\" data-element_type=\"widget\" data-e-type=\"widget\" data-widget_type=\"heading.default\">\n\t\t\t\t\t<h2 class=\"elementor-heading-title elementor-size-default\">Privacy Policy di A-MARA Holix<\/h2>\t\t\t\t<\/div>\n\t\t\t\t<div class=\"elementor-element elementor-element-62c402b1 elementor-widget elementor-widget-text-editor\" data-id=\"62c402b1\" data-element_type=\"widget\" data-e-type=\"widget\" data-widget_type=\"text-editor.default\">\n\t\t\t\t\t\t\t\t\t<p><b>A-MARA Holix<\/b><span style=\"font-weight: 400;\"> raccoglie alcuni Dati Personali dei propri Utenti.<\/span><\/p><p><span style=\"font-weight: 400;\">La presente informativa si applica al sito web <\/span><b>amaraholix.it<\/b><span style=\"font-weight: 400;\"> e all\u2019<\/span><b>applicazione mobile A-MARA<\/b><span style=\"font-weight: 400;\"> (di seguito, congiuntamente, \u201cA-MARA Holix\u201d o \u201cl\u2019Applicazione\u201d) ed \u00e8 resa ai sensi degli artt. 13 e 14 del Regolamento (UE) 2016\/679 (\u201cGDPR\u201d) e del D.Lgs. 196\/2003 come modificato dal D.Lgs. 101\/2018 (\u201cCodice Privacy\u201d).<\/span><\/p><p><span style=\"font-weight: 400;\">Questo documento contiene una sezione dedicata al trattamento dei <\/span><b>dati relativi al benessere psicofisico<\/b><span style=\"font-weight: 400;\"> (categorie particolari di dati ex art. 9 GDPR) e una sezione dedicata agli <\/span><b>Utenti minori di et\u00e0<\/b><span style=\"font-weight: 400;\"> (vertical \u201cYounger\u201d).<\/span><\/p><p><span style=\"font-weight: 400;\">Questo documento pu\u00f2 essere stampato utilizzando il comando di stampa presente nelle impostazioni di qualsiasi browser.<\/span><\/p>\t\t\t\t\t\t\t\t<\/div>\n\t\t\t\t<div class=\"elementor-element elementor-element-115aa6a4 elementor-widget elementor-widget-heading\" data-id=\"115aa6a4\" data-element_type=\"widget\" data-e-type=\"widget\" data-widget_type=\"heading.default\">\n\t\t\t\t\t<h2 class=\"elementor-heading-title elementor-size-default\">Titolare del Trattamento dei Dati<\/h2>\t\t\t\t<\/div>\n\t\t\t\t<div class=\"elementor-element elementor-element-57c80526 elementor-widget elementor-widget-text-editor\" data-id=\"57c80526\" data-element_type=\"widget\" data-e-type=\"widget\" data-widget_type=\"text-editor.default\">\n\t\t\t\t\t\t\t\t\t<p><b>A-MARA Holix S.r.l.<\/b><span style=\"font-weight: 400;\"> Via Mario Pagano 19 \u2013 20145 Milano (MI) P.IVA \/ C.F. 14735690969 \u2013 REA MI-2803686<\/span><\/p><p><span style=\"font-weight: 400;\">Indirizzo email del Titolare: <\/span><b>info@amaraholix.it<\/b><\/p>\t\t\t\t\t\t\t\t<\/div>\n\t\t\t\t<div class=\"elementor-element elementor-element-44331e3 elementor-widget elementor-widget-heading\" data-id=\"44331e3\" data-element_type=\"widget\" data-e-type=\"widget\" data-widget_type=\"heading.default\">\n\t\t\t\t\t<h2 class=\"elementor-heading-title elementor-size-default\">Tipologie di Dati Raccolti<\/h2>\t\t\t\t<\/div>\n\t\t\t\t<div class=\"elementor-element elementor-element-12efb836 elementor-widget elementor-widget-text-editor\" data-id=\"12efb836\" data-element_type=\"widget\" data-e-type=\"widget\" data-widget_type=\"text-editor.default\">\n\t\t\t\t\t\t\t\t\t<p><span style=\"font-weight: 400;\">Fra i Dati Personali raccolti da A-MARA Holix, in modo autonomo o tramite terze parti, ci sono:<\/span><\/p><ul><li style=\"font-weight: 400;\" aria-level=\"1\"><b>dati anagrafici e di contatto<\/b><span style=\"font-weight: 400;\">: nome, cognome, data di nascita, email, numero di telefono, indirizzo di spedizione e fatturazione;<\/span><\/li><li style=\"font-weight: 400;\" aria-level=\"1\"><b>dati relativi all\u2019account<\/b><span style=\"font-weight: 400;\">: credenziali di accesso, preferenze, storico prenotazioni e acquisti;<\/span><\/li><li style=\"font-weight: 400;\" aria-level=\"1\"><b>dati relativi a prenotazioni e servizi fruiti<\/b><span style=\"font-weight: 400;\">: trattamenti olistici prenotati, sessioni yoga e meditazione, corsi, percorsi (es. programmi strutturati), retreat, eventi;<\/span><\/li><li style=\"font-weight: 400;\" aria-level=\"1\"><b>dati relativi al benessere psicofisico<\/b><span style=\"font-weight: 400;\"> (categorie particolari ex art. 9 GDPR): informazioni facoltative fornite dall\u2019Utente in fase di anamnesi olistica, questionari di benessere, obiettivi personali, condizioni rilevanti ai fini della corretta erogazione dei trattamenti (v. sezione dedicata);<\/span><\/li><li style=\"font-weight: 400;\" aria-level=\"1\"><b>dati di pagamento<\/b><span style=\"font-weight: 400;\">: gestiti dai fornitori di servizi di pagamento; il Titolare non conserva i numeri completi delle carte;<\/span><\/li><li style=\"font-weight: 400;\" aria-level=\"1\"><b>Dati di utilizzo<\/b><span style=\"font-weight: 400;\">; <\/span><b>Strumenti di Tracciamento<\/b><span style=\"font-weight: 400;\">; identificatori univoci di dispositivi per la pubblicit\u00e0 (Google Advertiser ID o identificatore IDFA, per esempio); numero di Utenti; statistiche delle sessioni;<\/span><\/li><li style=\"font-weight: 400;\" aria-level=\"1\"><b>dati comunicati durante l\u2019utilizzo del servizio<\/b><span style=\"font-weight: 400;\"> (es. richieste inviate tramite form di contatto, chat o assistenza).<\/span><\/li><\/ul><p><span style=\"font-weight: 400;\">Dettagli completi su ciascuna tipologia di Dati Personali raccolti sono forniti nelle sezioni dedicate di questa privacy policy o mediante specifici testi informativi visualizzati prima della raccolta dei Dati stessi.<\/span><\/p><p><span style=\"font-weight: 400;\">I Dati Personali possono essere liberamente forniti dall\u2019Utente o, nel caso di Dati di Utilizzo, raccolti automaticamente durante l\u2019uso di A-MARA Holix.<\/span><\/p><p><span style=\"font-weight: 400;\">Se non diversamente specificato, tutti i Dati richiesti da A-MARA Holix sono obbligatori. Se l\u2019Utente rifiuta di comunicarli, potrebbe essere impossibile per A-MARA Holix fornire il Servizio. Nei casi in cui A-MARA Holix indichi alcuni Dati come facoltativi, gli Utenti sono liberi di astenersi dal comunicare tali Dati, senza che ci\u00f2 abbia alcuna conseguenza sulla disponibilit\u00e0 del Servizio o sulla sua operativit\u00e0. I dati relativi al benessere psicofisico sono sempre facoltativi e trattati esclusivamente previo consenso esplicito.<\/span><\/p><p><span style=\"font-weight: 400;\">Gli Utenti che dovessero avere dubbi su quali Dati siano obbligatori sono incoraggiati a contattare il Titolare.<\/span><\/p><p><span style=\"font-weight: 400;\">L\u2019eventuale utilizzo di Cookie \u2013 o di altri strumenti di tracciamento \u2013 da parte di A-MARA Holix o dei titolari dei servizi terzi utilizzati da A-MARA Holix ha la finalit\u00e0 di fornire il Servizio richiesto dall\u2019Utente, oltre alle ulteriori finalit\u00e0 descritte nel presente documento e nella Cookie Policy.<\/span><\/p><p><span style=\"font-weight: 400;\">L\u2019Utente si assume la responsabilit\u00e0 dei Dati Personali di terzi ottenuti, pubblicati o condivisi mediante A-MARA Holix.<\/span><\/p>\t\t\t\t\t\t\t\t<\/div>\n\t\t\t\t<div class=\"elementor-element elementor-element-60d29d4 elementor-widget elementor-widget-heading\" data-id=\"60d29d4\" data-element_type=\"widget\" data-e-type=\"widget\" data-widget_type=\"heading.default\">\n\t\t\t\t\t<h2 class=\"elementor-heading-title elementor-size-default\">Modalit\u00e0 e luogo del trattamento dei Dati raccolti<\/h2>\t\t\t\t<\/div>\n\t\t\t\t<div class=\"elementor-element elementor-element-f10bb51 elementor-widget elementor-widget-heading\" data-id=\"f10bb51\" data-element_type=\"widget\" data-e-type=\"widget\" data-widget_type=\"heading.default\">\n\t\t\t\t\t<h3 class=\"elementor-heading-title elementor-size-default\">Modalit\u00e0 di trattamento<\/h3>\t\t\t\t<\/div>\n\t\t\t\t<div class=\"elementor-element elementor-element-98a9889 elementor-widget elementor-widget-text-editor\" data-id=\"98a9889\" data-element_type=\"widget\" data-e-type=\"widget\" data-widget_type=\"text-editor.default\">\n\t\t\t\t\t\t\t\t\t<p><span style=\"font-weight: 400;\">Il Titolare adotta le opportune misure di sicurezza volte ad impedire l\u2019accesso, la divulgazione, la modifica o la distruzione non autorizzate dei Dati Personali.<\/span><\/p><p><span style=\"font-weight: 400;\">Il trattamento viene effettuato mediante strumenti informatici e\/o telematici, con modalit\u00e0 organizzative e con logiche strettamente correlate alle finalit\u00e0 indicate. Oltre al Titolare, in alcuni casi, potrebbero avere accesso ai Dati altri soggetti coinvolti nell\u2019organizzazione di A-MARA Holix (personale amministrativo, commerciale, marketing, operatori e collaboratori autorizzati al trattamento, legali, amministratori di sistema) ovvero soggetti esterni (come fornitori di servizi tecnici terzi, corrieri, hosting provider, societ\u00e0 informatiche, agenzie di comunicazione, fornitori di servizi di pagamento) nominati anche, se necessario, Responsabili del Trattamento da parte del Titolare ai sensi dell\u2019art. 28 GDPR. L\u2019elenco aggiornato dei Responsabili potr\u00e0 sempre essere richiesto al Titolare del Trattamento.<\/span><\/p><p><span style=\"font-weight: 400;\">Gli operatori e i collaboratori che erogano trattamenti olistici, sessioni e percorsi accedono ai soli Dati necessari all\u2019erogazione del servizio, in qualit\u00e0 di persone autorizzate al trattamento ai sensi dell\u2019art. 29 GDPR, con specifiche istruzioni di riservatezza.<\/span><\/p>\t\t\t\t\t\t\t\t<\/div>\n\t\t\t\t<div class=\"elementor-element elementor-element-7649c79 elementor-widget elementor-widget-heading\" data-id=\"7649c79\" data-element_type=\"widget\" data-e-type=\"widget\" data-widget_type=\"heading.default\">\n\t\t\t\t\t<h3 class=\"elementor-heading-title elementor-size-default\">Luogo<\/h3>\t\t\t\t<\/div>\n\t\t\t\t<div class=\"elementor-element elementor-element-964dca0 elementor-widget elementor-widget-text-editor\" data-id=\"964dca0\" data-element_type=\"widget\" data-e-type=\"widget\" data-widget_type=\"text-editor.default\">\n\t\t\t\t\t\t\t\t\t<p><span style=\"font-weight: 400;\">I Dati sono trattati presso le sedi operative del Titolare ed in ogni altro luogo in cui le parti coinvolte nel trattamento siano localizzate. Per ulteriori informazioni, contatta il Titolare.<\/span><\/p><p><span style=\"font-weight: 400;\">I Dati Personali dell\u2019Utente potrebbero essere trasferiti in un paese diverso da quello in cui l\u2019Utente si trova, incluso al di fuori dello Spazio Economico Europeo. In tali casi il trasferimento avviene sulla base di una decisione di adeguatezza della Commissione Europea (incluso, per i fornitori statunitensi aderenti, l\u2019EU-U.S. Data Privacy Framework) ovvero mediante Clausole Contrattuali Standard approvate dalla Commissione Europea e ulteriori misure supplementari ove necessarie. Per ottenere ulteriori informazioni sul luogo del trattamento l\u2019Utente pu\u00f2 fare riferimento alla sezione relativa ai dettagli sul trattamento dei Dati Personali.<\/span><\/p>\t\t\t\t\t\t\t\t<\/div>\n\t\t\t\t<div class=\"elementor-element elementor-element-b5767de elementor-widget elementor-widget-heading\" data-id=\"b5767de\" data-element_type=\"widget\" data-e-type=\"widget\" data-widget_type=\"heading.default\">\n\t\t\t\t\t<h3 class=\"elementor-heading-title elementor-size-default\">Periodo di conservazione<\/h3>\t\t\t\t<\/div>\n\t\t\t\t<div class=\"elementor-element elementor-element-e0a24a0 elementor-widget elementor-widget-text-editor\" data-id=\"e0a24a0\" data-element_type=\"widget\" data-e-type=\"widget\" data-widget_type=\"text-editor.default\">\n\t\t\t\t\t\t\t\t\t<p><span style=\"font-weight: 400;\">Se non diversamente indicato in questo documento, i Dati Personali sono trattati e conservati per il tempo richiesto dalla finalit\u00e0 per la quale sono stati raccolti e potrebbero essere conservati per un periodo pi\u00f9 lungo a causa di eventuali obbligazioni legali o sulla base del consenso degli Utenti.<\/span><\/p>\t\t\t\t\t\t\t\t<\/div>\n\t\t\t\t<div class=\"elementor-element elementor-element-9799e75 elementor-widget elementor-widget-heading\" data-id=\"9799e75\" data-element_type=\"widget\" data-e-type=\"widget\" data-widget_type=\"heading.default\">\n\t\t\t\t\t<h2 class=\"elementor-heading-title elementor-size-default\">Finalit\u00e0 del Trattamento dei Dati raccolti<\/h2>\t\t\t\t<\/div>\n\t\t\t\t<div class=\"elementor-element elementor-element-55ebb70 elementor-widget elementor-widget-text-editor\" data-id=\"55ebb70\" data-element_type=\"widget\" data-e-type=\"widget\" data-widget_type=\"text-editor.default\">\n\t\t\t\t\t\t\t\t\t<p><span style=\"font-weight: 400;\">I Dati dell\u2019Utente sono raccolti per consentire al Titolare di fornire il Servizio, adempiere agli obblighi di legge, rispondere a richieste o azioni esecutive, tutelare i propri diritti ed interessi (o quelli di Utenti o di terze parti), individuare eventuali attivit\u00e0 dolose o fraudolente, nonch\u00e9 per le seguenti finalit\u00e0:<\/span><\/p><ul><li style=\"font-weight: 400;\" aria-level=\"1\"><span style=\"font-weight: 400;\">Registrazione ed autenticazione (anche tramite servizi terzi);<\/span><\/li><li style=\"font-weight: 400;\" aria-level=\"1\"><span style=\"font-weight: 400;\">Gestione delle prenotazioni di trattamenti, sessioni, corsi, percorsi, retreat ed eventi;<\/span><\/li><li style=\"font-weight: 400;\" aria-level=\"1\"><span style=\"font-weight: 400;\">Gestione dei pagamenti;<\/span><\/li><li style=\"font-weight: 400;\" aria-level=\"1\"><span style=\"font-weight: 400;\">Vendita di prodotti e servizi con spedizione (e-commerce);<\/span><\/li><li style=\"font-weight: 400;\" aria-level=\"1\"><span style=\"font-weight: 400;\">Erogazione dei contenuti e delle funzionalit\u00e0 dell\u2019app (percorsi digitali, contenuti audio\/video, programmi di benessere);<\/span><\/li><li style=\"font-weight: 400;\" aria-level=\"1\"><span style=\"font-weight: 400;\">Gestione contatti e invio di messaggi (newsletter, comunicazioni di servizio);<\/span><\/li><li style=\"font-weight: 400;\" aria-level=\"1\"><span style=\"font-weight: 400;\">Gestione dei tag;<\/span><\/li><li style=\"font-weight: 400;\" aria-level=\"1\"><span style=\"font-weight: 400;\">Pubblicit\u00e0 e remarketing;<\/span><\/li><li style=\"font-weight: 400;\" aria-level=\"1\"><span style=\"font-weight: 400;\">Statistica;<\/span><\/li><li style=\"font-weight: 400;\" aria-level=\"1\"><span style=\"font-weight: 400;\">Corretta e sicura erogazione dei trattamenti olistici (trattamento di dati relativi al benessere, previo consenso esplicito).<\/span><\/li><\/ul><p><span style=\"font-weight: 400;\">Per ottenere informazioni dettagliate sulle finalit\u00e0 del trattamento e sui Dati Personali trattati per ciascuna finalit\u00e0, l\u2019Utente pu\u00f2 fare riferimento alla sezione \u201cDettagli sul trattamento dei Dati Personali\u201d.<\/span><\/p>\t\t\t\t\t\t\t\t<\/div>\n\t\t\t\t<div class=\"elementor-element elementor-element-3271fd6 elementor-widget elementor-widget-heading\" data-id=\"3271fd6\" data-element_type=\"widget\" data-e-type=\"widget\" data-widget_type=\"heading.default\">\n\t\t\t\t\t<h2 class=\"elementor-heading-title elementor-size-default\">Trattamento di categorie particolari di dati (art. 9 GDPR)<\/h2>\t\t\t\t<\/div>\n\t\t\t\t<div class=\"elementor-element elementor-element-ce765bf elementor-widget elementor-widget-text-editor\" data-id=\"ce765bf\" data-element_type=\"widget\" data-e-type=\"widget\" data-widget_type=\"text-editor.default\">\n\t\t\t\t\t\t\t\t\t<p><span style=\"font-weight: 400;\">Nell\u2019ambito dell\u2019erogazione di trattamenti olistici, percorsi di benessere e programmi strutturati (in centro, tramite app o in retreat), l\u2019Utente pu\u00f2 scegliere di comunicare al Titolare informazioni relative al proprio stato di benessere psicofisico (ad esempio tramite schede di anamnesi olistica, questionari iniziali, diari di percorso). Tali informazioni possono costituire categorie particolari di dati ai sensi dell\u2019art. 9 GDPR.<\/span><\/p><p><span style=\"font-weight: 400;\">Il Titolare tratta tali Dati esclusivamente:<\/span><\/p><ul><li style=\"font-weight: 400;\" aria-level=\"1\"><span style=\"font-weight: 400;\">previo <\/span><b>consenso esplicito<\/b><span style=\"font-weight: 400;\"> dell\u2019Utente (art. 9, par. 2, lett. a GDPR), raccolto separatamente prima della compilazione dei relativi moduli o funzionalit\u00e0;<\/span><\/li><li style=\"font-weight: 400;\" aria-level=\"1\"><span style=\"font-weight: 400;\">per la sola finalit\u00e0 di personalizzare e erogare in modo appropriato e sicuro i servizi richiesti;<\/span><\/li><li style=\"font-weight: 400;\" aria-level=\"1\"><span style=\"font-weight: 400;\">con accesso limitato agli operatori autorizzati coinvolti nell\u2019erogazione del servizio;<\/span><\/li><li style=\"font-weight: 400;\" aria-level=\"1\"><span style=\"font-weight: 400;\">senza alcun utilizzo per finalit\u00e0 di marketing o profilazione pubblicitaria.<\/span><\/li><\/ul><p><span style=\"font-weight: 400;\">Il conferimento di tali Dati \u00e8 sempre facoltativo: il rifiuto non pregiudica l\u2019accesso ai Servizi, fatta salva l\u2019eventuale impossibilit\u00e0 di personalizzare il servizio. Il consenso pu\u00f2 essere revocato in qualsiasi momento tramite le impostazioni dell\u2019app o contattando il Titolare.<\/span><\/p><p><span style=\"font-weight: 400;\">I servizi offerti da A-MARA Holix rientrano nell\u2019ambito delle Discipline Bio-Naturali (L.R. Lombardia 2\/2005), non costituiscono prestazioni sanitarie e non sostituiscono in alcun modo diagnosi, cure o terapie mediche.<\/span><\/p>\t\t\t\t\t\t\t\t<\/div>\n\t\t\t\t<div class=\"elementor-element elementor-element-a2d90f5 elementor-widget elementor-widget-heading\" data-id=\"a2d90f5\" data-element_type=\"widget\" data-e-type=\"widget\" data-widget_type=\"heading.default\">\n\t\t\t\t\t<h2 class=\"elementor-heading-title elementor-size-default\">Utenti minori di et\u00e0 (vertical \u201cYounger\u201d)<\/h2>\t\t\t\t<\/div>\n\t\t\t\t<div class=\"elementor-element elementor-element-c592eb1 elementor-widget elementor-widget-text-editor\" data-id=\"c592eb1\" data-element_type=\"widget\" data-e-type=\"widget\" data-widget_type=\"text-editor.default\">\n\t\t\t\t\t\t\t\t\t<p><span style=\"font-weight: 400;\">Il Servizio \u00e8 destinato in via generale a Utenti maggiorenni. <\/span><span style=\"font-weight: 400;\">Alcuni servizi sono dedicati a Utenti di et\u00e0 compresa tra i 13 e i 17 anni, alle seguenti condizioni<\/span><span style=\"font-weight: 400;\">:<\/span><\/p><ul><li style=\"font-weight: 400;\" aria-level=\"1\"><span style=\"font-weight: 400;\">ai sensi dell\u2019art. 8 GDPR e dell\u2019art. 2-quinquies del Codice Privacy, gli Utenti che abbiano compiuto <\/span><b>14 anni<\/b><span style=\"font-weight: 400;\"> possono esprimere autonomamente il consenso al trattamento dei propri Dati Personali in relazione ai servizi della societ\u00e0 dell\u2019informazione;<\/span><\/li><li style=\"font-weight: 400;\" aria-level=\"1\"><span style=\"font-weight: 400;\">per gli Utenti di et\u00e0 compresa tra i <\/span><b>13 e i 14 anni<\/b><span style=\"font-weight: 400;\">, la registrazione richiede il consenso ed \u00e8 autorizzata dal titolare della responsabilit\u00e0 genitoriale, che il Titolare verifica con misure adeguate alla tecnologia disponibile;<\/span><\/li><li style=\"font-weight: 400;\" aria-level=\"1\"><span style=\"font-weight: 400;\">l\u2019iscrizione a trattamenti, corsi ed eventi in presenza da parte di minori richiede in ogni caso il consenso e la sottoscrizione dei relativi moduli da parte del titolare della responsabilit\u00e0 genitoriale;<\/span><\/li><li style=\"font-weight: 400;\" aria-level=\"1\"><span style=\"font-weight: 400;\">i Dati dei minori <\/span><b>non sono trattati per finalit\u00e0 di marketing, profilazione o pubblicit\u00e0 comportamentale<\/b><span style=\"font-weight: 400;\">;<\/span><\/li><li style=\"font-weight: 400;\" aria-level=\"1\"><span style=\"font-weight: 400;\">eventuali dati relativi al benessere di Utenti minori sono trattati con garanzie rafforzate e solo ove strettamente necessari all\u2019erogazione del servizio richiesto, previo consenso del titolare della responsabilit\u00e0 genitoriale.<\/span><\/li><\/ul><p><span style=\"font-weight: 400;\">Se ritieni che un minore ci abbia fornito Dati Personali senza le necessarie autorizzazioni, contatta il Titolare all\u2019indirizzo indicato: provvederemo alla verifica e, ove dovuto, alla cancellazione.<\/span><\/p>\t\t\t\t\t\t\t\t<\/div>\n\t\t\t\t<div class=\"elementor-element elementor-element-7954b75 elementor-widget elementor-widget-heading\" data-id=\"7954b75\" data-element_type=\"widget\" data-e-type=\"widget\" data-widget_type=\"heading.default\">\n\t\t\t\t\t<h2 class=\"elementor-heading-title elementor-size-default\">Dettagli sul trattamento dei Dati Personali<\/h2>\t\t\t\t<\/div>\n\t\t\t\t<div class=\"elementor-element elementor-element-0125150 elementor-widget elementor-widget-text-editor\" data-id=\"0125150\" data-element_type=\"widget\" data-e-type=\"widget\" data-widget_type=\"text-editor.default\">\n\t\t\t\t\t\t\t\t\t<p><span style=\"font-weight: 400;\">I Dati Personali sono raccolti per le seguenti finalit\u00e0 ed utilizzando i seguenti servizi:<\/span><\/p>\t\t\t\t\t\t\t\t<\/div>\n\t\t\t\t<div class=\"elementor-element elementor-element-5b4d2e3 elementor-widget elementor-widget-heading\" data-id=\"5b4d2e3\" data-element_type=\"widget\" data-e-type=\"widget\" data-widget_type=\"heading.default\">\n\t\t\t\t\t<h3 class=\"elementor-heading-title elementor-size-default\">Registrazione ed autenticazione<\/h3>\t\t\t\t<\/div>\n\t\t\t\t<div class=\"elementor-element elementor-element-a20fbec elementor-widget elementor-widget-text-editor\" data-id=\"a20fbec\" data-element_type=\"widget\" data-e-type=\"widget\" data-widget_type=\"text-editor.default\">\n\t\t\t\t\t\t\t\t\t<p><span style=\"font-weight: 400;\">Con la registrazione o l\u2019autenticazione l\u2019Utente consente ad A-MARA Holix di identificarlo e di dargli accesso a servizi dedicati. I servizi di registrazione e di autenticazione potrebbero essere forniti con l\u2019ausilio di terze parti. Qualora questo avvenga, A-MARA Holix potr\u00e0 accedere ad alcuni Dati conservati dal servizio terzo usato per la registrazione o l\u2019identificazione.<\/span><\/p><p><b>Registrazione diretta<\/b><span style=\"font-weight: 400;\"> L\u2019Utente si registra compilando il modulo di registrazione e fornendo direttamente i propri Dati Personali. Dati Personali trattati: nome, cognome, email, data di nascita, password.<\/span><\/p><p><b>Google OAuth (Google Ireland Limited)<\/b><span style=\"font-weight: 400;\"> Servizio di registrazione ed autenticazione collegato al network Google. Dati Personali trattati: varie tipologie di Dati secondo quanto specificato dalla privacy policy del servizio. Luogo del trattamento: Irlanda \u2013 <\/span><a href=\"https:\/\/policies.google.com\/privacy\"><span style=\"font-weight: 400;\">Privacy Policy<\/span><\/a><span style=\"font-weight: 400;\">.<\/span><\/p><p><b>Accedi con Apple (Apple Inc.)<\/b><span style=\"font-weight: 400;\"> Servizio di registrazione ed autenticazione fornito da Apple Inc.\u00a0L\u2019Utente pu\u00f2 scegliere di non condividere il proprio indirizzo email reale utilizzando la funzione di inoltro privato. Dati Personali trattati: email; identificatore utente. Luogo del trattamento: Stati Uniti \u2013 <\/span><a href=\"https:\/\/www.apple.com\/legal\/privacy\/\"><span style=\"font-weight: 400;\">Privacy Policy<\/span><\/a><span style=\"font-weight: 400;\">.<\/span><\/p><p><b>Facebook Authentication (Meta Platforms Ireland Limited)<\/b><span style=\"font-weight: 400;\"> Servizio di registrazione ed autenticazione fornito da Meta Platforms Ireland Limited e collegato al social network Facebook. Dati Personali trattati: Strumenti di Tracciamento; varie tipologie di Dati secondo quanto specificato dalla privacy policy del servizio. Luogo del trattamento: Irlanda \u2013 <\/span><a href=\"https:\/\/www.facebook.com\/privacy\/policy\/\"><span style=\"font-weight: 400;\">Privacy Policy<\/span><\/a><span style=\"font-weight: 400;\"> \u2013 <\/span><a href=\"https:\/\/www.facebook.com\/help\/247395082112892\"><span style=\"font-weight: 400;\">Opt out<\/span><\/a><span style=\"font-weight: 400;\">.<\/span><\/p>\t\t\t\t\t\t\t\t<\/div>\n\t\t\t\t<div class=\"elementor-element elementor-element-61aadb9 elementor-widget elementor-widget-heading\" data-id=\"61aadb9\" data-element_type=\"widget\" data-e-type=\"widget\" data-widget_type=\"heading.default\">\n\t\t\t\t\t<h3 class=\"elementor-heading-title elementor-size-default\">Gestione delle prenotazioni e degli abbonamenti<\/h3>\t\t\t\t<\/div>\n\t\t\t\t<div class=\"elementor-element elementor-element-246d075 elementor-widget elementor-widget-text-editor\" data-id=\"246d075\" data-element_type=\"widget\" data-e-type=\"widget\" data-widget_type=\"text-editor.default\">\n\t\t\t\t\t\t\t\t\t<p><span style=\"font-weight: 400;\">Le funzionalit\u00e0 di prenotazione consentono all\u2019Utente di riservare trattamenti olistici, sessioni yoga e meditazione, corsi, percorsi, retreat ed eventi, in presenza o digitali, nonch\u00e9 di gestire abbonamenti e pacchetti. Dati Personali trattati: dati anagrafici e di contatto; servizio prenotato; data e ora; abbonamenti e pacchetti attivi; eventuali note facoltative dell\u2019Utente; eventuali dati relativi al benessere (solo previo consenso esplicito, v. sezione dedicata).<\/span><\/p>\n<p><b>bsport (BSPORT SAS)<\/b><span style=\"font-weight: 400;\"> Le funzionalit\u00e0 di prenotazione, gestione abbonamenti e comunicazione con gli Utenti sono erogate tramite la piattaforma gestionale bsport, fornita da BSPORT SAS, 30-32 Boulevard de S\u00e9bastopol, 75004 Parigi (Francia), RCS Paris 838 682 011, integrata all\u2019interno del sito A-MARA. L\u2019Utente interagisce esclusivamente con l\u2019ambiente a marchio A-MARA; i Dati sono trattati da BSPORT SAS per conto del Titolare in qualit\u00e0 di Responsabile del Trattamento ai sensi dell\u2019art. 28 GDPR. Dati Personali trattati: dati anagrafici e di contatto; credenziali di accesso; prenotazioni, abbonamenti e storico acquisti; dati comunicati durante l\u2019utilizzo del servizio. Luogo del trattamento: Unione Europea (Francia) <\/span><span style=\"font-weight: 400;\">\u2013 <\/span><a href=\"https:\/\/pro.bsport.io\/privacy\"><span style=\"font-weight: 400;\">Privacy Policy<\/span><\/a><span style=\"font-weight: 400;\">.<\/span><\/p>\t\t\t\t\t\t\t\t<\/div>\n\t\t\t\t<div class=\"elementor-element elementor-element-9a20c9f elementor-widget elementor-widget-heading\" data-id=\"9a20c9f\" data-element_type=\"widget\" data-e-type=\"widget\" data-widget_type=\"heading.default\">\n\t\t\t\t\t<h3 class=\"elementor-heading-title elementor-size-default\">Gestione dei pagamenti<\/h3>\t\t\t\t<\/div>\n\t\t\t\t<div class=\"elementor-element elementor-element-66acb3c elementor-widget elementor-widget-text-editor\" data-id=\"66acb3c\" data-element_type=\"widget\" data-e-type=\"widget\" data-widget_type=\"text-editor.default\">\n\t\t\t\t\t\t\t\t\t<p><span style=\"font-weight: 400;\">Se non diversamente specificato, A-MARA Holix elabora tutti i pagamenti con carta di credito, bonifico bancario o altri mezzi tramite fornitori esterni di servizi di pagamento, anche per il tramite delle funzionalit\u00e0 di pagamento integrate nella piattaforma gestionale bsport. In generale, e salvo diversa indicazione, gli Utenti sono pregati di fornire i dettagli di pagamento e i Dati Personali direttamente a tali fornitori. A-MARA Holix non \u00e8 coinvolta nella raccolta e nell\u2019elaborazione di tali informazioni: riceve invece solamente una notifica da parte del fornitore del servizio di pagamento in questione circa l\u2019avvenuto pagamento.<\/span><\/p><p><b>Stripe (Stripe Payments Europe, Ltd.)<\/b><span style=\"font-weight: 400;\"> Servizio di pagamento fornito da Stripe Payments Europe, Ltd. Dati Personali trattati: dati di pagamento; email; informazioni sull\u2019acquisto. Luogo del trattamento: Irlanda \u2013 <\/span><a href=\"https:\/\/stripe.com\/it\/privacy\"><span style=\"font-weight: 400;\">Privacy Policy<\/span><\/a><span style=\"font-weight: 400;\">.<\/span><\/p><p><b>PayPal (PayPal Europe S.\u00e0 r.l. et Cie, S.C.A.)<\/b><span style=\"font-weight: 400;\"> Servizio di pagamento fornito da PayPal Europe S.\u00e0 r.l. et Cie, S.C.A. Dati Personali trattati: varie tipologie di Dati secondo quanto specificato dalla privacy policy del servizio. Luogo del trattamento: Lussemburgo \u2013 <\/span><a href=\"https:\/\/www.paypal.com\/it\/legalhub\/privacy-full\"><span style=\"font-weight: 400;\">Privacy Policy<\/span><\/a><span style=\"font-weight: 400;\">.<\/span><\/p>\t\t\t\t\t\t\t\t<\/div>\n\t\t\t\t<div class=\"elementor-element elementor-element-7e365af elementor-widget elementor-widget-heading\" data-id=\"7e365af\" data-element_type=\"widget\" data-e-type=\"widget\" data-widget_type=\"heading.default\">\n\t\t\t\t\t<h3 class=\"elementor-heading-title elementor-size-default\">Vendita di prodotti e servizi con spedizione (e-commerce)<\/h3>\t\t\t\t<\/div>\n\t\t\t\t<div class=\"elementor-element elementor-element-6c24643 elementor-widget elementor-widget-text-editor\" data-id=\"6c24643\" data-element_type=\"widget\" data-e-type=\"widget\" data-widget_type=\"text-editor.default\">\n\t\t\t\t\t\t\t\t\t<p><span style=\"font-weight: 400;\">I Dati raccolti sono utilizzati per la fornitura di servizi all\u2019Utente o per la vendita di prodotti benessere, inclusi il pagamento e l\u2019eventuale consegna. I Dati per completare la consegna possono essere comunicati a corrieri e spedizionieri, che agiscono quali autonomi titolari o responsabili del trattamento. Dati Personali trattati: dati anagrafici; indirizzo di spedizione e fatturazione; email; numero di telefono; dati relativi all\u2019ordine. I dati di fatturazione sono conservati per il periodo previsto dalla normativa fiscale (10 anni).<\/span><\/p>\t\t\t\t\t\t\t\t<\/div>\n\t\t\t\t<div class=\"elementor-element elementor-element-a9f6bd3 elementor-widget elementor-widget-heading\" data-id=\"a9f6bd3\" data-element_type=\"widget\" data-e-type=\"widget\" data-widget_type=\"heading.default\">\n\t\t\t\t\t<h3 class=\"elementor-heading-title elementor-size-default\">Gestione contatti e invio di messaggi<\/h3>\t\t\t\t<\/div>\n\t\t\t\t<div class=\"elementor-element elementor-element-6dd377c elementor-widget elementor-widget-text-editor\" data-id=\"6dd377c\" data-element_type=\"widget\" data-e-type=\"widget\" data-widget_type=\"text-editor.default\">\n\t\t\t\t\t\t\t\t\t<p><span style=\"font-weight: 400;\">Questo tipo di servizi consente di gestire un database di contatti email, contatti telefonici o contatti di qualunque altro tipo, utilizzati per comunicare con l\u2019Utente. Questi servizi potrebbero inoltre consentire di raccogliere dati relativi alla data e all\u2019ora di visualizzazione dei messaggi da parte dell\u2019Utente, cos\u00ec come all\u2019interazione dell\u2019Utente con essi, come le informazioni sui click sui collegamenti inseriti nei messaggi.<\/span><\/p><p><span style=\"font-weight: 400;\">L\u2019invio di newsletter e comunicazioni promozionali avviene solo previo consenso dell\u2019Utente, revocabile in qualsiasi momento tramite il link presente in ogni comunicazione. Le comunicazioni di servizio (conferme di prenotazione, ricevute, promemoria appuntamenti, avvisi relativi all\u2019account) sono invece necessarie all\u2019esecuzione del contratto.<\/span><\/p><p><b>Funzionalit\u00e0 di comunicazione della piattaforma bsport (BSPORT SAS)<\/b><span style=\"font-weight: 400;\"> La gestione dei contatti e l\u2019invio di comunicazioni email e\/o SMS (di servizio e, previo consenso, promozionali) avvengono tramite le funzionalit\u00e0 integrate della piattaforma gestionale bsport, fornita da BSPORT SAS in modalit\u00e0 white-label e nominata Responsabile del Trattamento ai sensi dell\u2019art. 28 GDPR. BSPORT SAS pu\u00f2 avvalersi di sub-fornitori per il recapito dei messaggi, nel rispetto delle garanzie previste dal GDPR. Dati Personali trattati: email; numero di telefono; nome; dati relativi all\u2019interazione con i messaggi. Luogo del trattamento: Unione Europea (Francia) \u2013 <\/span><a href=\"https:\/\/pro.bsport.io\/privacy\"><span style=\"font-weight: 400;\">Privacy Policy<\/span><\/a><span style=\"font-weight: 400;\">.<\/span><\/p>\t\t\t\t\t\t\t\t<\/div>\n\t\t\t\t<div class=\"elementor-element elementor-element-e49be67 elementor-widget elementor-widget-heading\" data-id=\"e49be67\" data-element_type=\"widget\" data-e-type=\"widget\" data-widget_type=\"heading.default\">\n\t\t\t\t\t<h3 class=\"elementor-heading-title elementor-size-default\">Gestione dei tag<\/h3>\t\t\t\t<\/div>\n\t\t\t\t<div class=\"elementor-element elementor-element-cf74d39 elementor-widget elementor-widget-text-editor\" data-id=\"cf74d39\" data-element_type=\"widget\" data-e-type=\"widget\" data-widget_type=\"text-editor.default\">\n\t\t\t\t\t\t\t\t\t<p><span style=\"font-weight: 400;\">Questo tipo di servizio consente al Titolare di gestire in modo centralizzato i tag o gli script necessari su A-MARA Holix. Di conseguenza, i Dati dell\u2019Utente possono essere trattati da questi servizi, con la possibilit\u00e0 che vengano conservati.<\/span><\/p><p><b>Google Tag Manager (Google Ireland Limited)<\/b><span style=\"font-weight: 400;\"> Google Tag Manager \u00e8 un servizio di gestione dei tag fornito da Google Ireland Limited. Per conoscere l\u2019utilizzo dei Dati da parte di Google, consulta la loro <\/span><a href=\"https:\/\/policies.google.com\/technologies\/partner-sites\"><span style=\"font-weight: 400;\">partner policy<\/span><\/a><span style=\"font-weight: 400;\"> e la loro <\/span><a href=\"https:\/\/business.safety.google\/privacy\/\"><span style=\"font-weight: 400;\">pagina dei Dati Commerciali<\/span><\/a><span style=\"font-weight: 400;\">. Dati Personali trattati: Dati di utilizzo; Strumenti di Tracciamento. Luogo del trattamento: Irlanda \u2013 <\/span><a href=\"https:\/\/business.safety.google\/privacy\/\"><span style=\"font-weight: 400;\">Privacy Policy<\/span><\/a><span style=\"font-weight: 400;\">.<\/span><\/p>\t\t\t\t\t\t\t\t<\/div>\n\t\t\t\t<div class=\"elementor-element elementor-element-26ba17d elementor-widget elementor-widget-heading\" data-id=\"26ba17d\" data-element_type=\"widget\" data-e-type=\"widget\" data-widget_type=\"heading.default\">\n\t\t\t\t\t<h3 class=\"elementor-heading-title elementor-size-default\">Pubblicit\u00e0<\/h3>\t\t\t\t<\/div>\n\t\t\t\t<div class=\"elementor-element elementor-element-a2af48b elementor-widget elementor-widget-text-editor\" data-id=\"a2af48b\" data-element_type=\"widget\" data-e-type=\"widget\" data-widget_type=\"text-editor.default\">\n\t\t\t\t\t\t\t\t\t<p><span style=\"font-weight: 400;\">Questo tipo di servizi consente di utilizzare i Dati dell\u2019Utente per finalit\u00e0 di comunicazione commerciale. Alcuni dei servizi di seguito indicati potrebbero utilizzare Strumenti di Tracciamento per identificare l\u2019Utente o utilizzare la tecnica del behavioral retargeting, ossia visualizzare annunci pubblicitari personalizzati in base agli interessi e al comportamento dell\u2019Utente, o misurare le prestazioni degli annunci. Tali strumenti sono attivati solo previo consenso dell\u2019Utente, revocabile in ogni momento tramite le preferenze cookie. I Dati relativi al benessere e i Dati di Utenti minori non sono in alcun caso utilizzati per queste finalit\u00e0.<\/span><\/p><p><b>Monitoraggio conversioni di Meta ads (pixel di Meta) (Meta Platforms Ireland Limited)<\/b><span style=\"font-weight: 400;\"> Il monitoraggio conversioni di Meta ads (pixel di Meta) \u00e8 un servizio di statistiche fornito da Meta Platforms Ireland Limited che collega i dati provenienti dal network di annunci Meta con le azioni compiute all\u2019interno di A-MARA Holix. Il pixel di Meta monitora le conversioni che possono essere attribuite alle inserzioni di Facebook, Instagram e Audience Network. Dati Personali trattati: Dati di utilizzo; Strumenti di Tracciamento. Luogo del trattamento: Irlanda \u2013 <\/span><a href=\"https:\/\/www.facebook.com\/privacy\/policy\/\"><span style=\"font-weight: 400;\">Privacy Policy<\/span><\/a><span style=\"font-weight: 400;\"> \u2013 <\/span><a href=\"https:\/\/www.facebook.com\/help\/247395082112892\"><span style=\"font-weight: 400;\">Opt out<\/span><\/a><span style=\"font-weight: 400;\">.<\/span><\/p><p><b>Meta Events Manager (Meta Platforms Ireland Limited)<\/b><span style=\"font-weight: 400;\"> Meta Events Manager \u00e8 un servizio di statistica fornito da Meta Platforms Ireland Limited. Integrando il pixel di Meta, Meta Events Manager pu\u00f2 dare al Titolare informazioni sul traffico e sulle interazioni su A-MARA Holix. Dati Personali trattati: Dati di utilizzo; Strumenti di Tracciamento. Luogo del trattamento: Irlanda \u2013 <\/span><a href=\"https:\/\/www.facebook.com\/about\/privacy\/\"><span style=\"font-weight: 400;\">Privacy Policy<\/span><\/a><span style=\"font-weight: 400;\"> \u2013 <\/span><a href=\"https:\/\/www.facebook.com\/help\/247395082112892\"><span style=\"font-weight: 400;\">Opt out<\/span><\/a><span style=\"font-weight: 400;\">.<\/span><\/p>\t\t\t\t\t\t\t\t<\/div>\n\t\t\t\t<div class=\"elementor-element elementor-element-8213b35 elementor-widget elementor-widget-heading\" data-id=\"8213b35\" data-element_type=\"widget\" data-e-type=\"widget\" data-widget_type=\"heading.default\">\n\t\t\t\t\t<h3 class=\"elementor-heading-title elementor-size-default\">Statistica<\/h3>\t\t\t\t<\/div>\n\t\t\t\t<div class=\"elementor-element elementor-element-23108bf elementor-widget elementor-widget-text-editor\" data-id=\"23108bf\" data-element_type=\"widget\" data-e-type=\"widget\" data-widget_type=\"text-editor.default\">\n\t\t\t\t\t\t\t\t\t<p><span style=\"font-weight: 400;\">I servizi contenuti nella presente sezione permettono al Titolare del Trattamento di monitorare e analizzare i dati di traffico e servono a tener traccia del comportamento dell\u2019Utente.<\/span><\/p><p><b>Google Analytics 4 (Google Ireland Limited)<\/b><span style=\"font-weight: 400;\"> Google Analytics \u00e8 un servizio di statistica fornito da Google Ireland Limited (\u201cGoogle\u201d). Google utilizza i Dati Personali raccolti allo scopo di tracciare ed esaminare l\u2019utilizzo di A-MARA Holix, compilare report e condividerli con gli altri servizi sviluppati da Google. In Google Analytics 4, gli indirizzi IP vengono utilizzati al momento della raccolta e poi eliminati prima che i dati vengano registrati in qualsiasi data center o server. Per saperne di pi\u00f9, \u00e8 possibile consultare la <\/span><a href=\"https:\/\/support.google.com\/analytics\/answer\/12017362?hl=it\"><span style=\"font-weight: 400;\">documentazione ufficiale di Google<\/span><\/a><span style=\"font-weight: 400;\">. Per conoscere l\u2019utilizzo dei Dati da parte di Google, consulta la loro <\/span><a href=\"https:\/\/policies.google.com\/technologies\/partner-sites\"><span style=\"font-weight: 400;\">partner policy<\/span><\/a><span style=\"font-weight: 400;\"> e la loro <\/span><a href=\"https:\/\/business.safety.google\/privacy\/\"><span style=\"font-weight: 400;\">pagina dei Dati Commerciali<\/span><\/a><span style=\"font-weight: 400;\">. Dati Personali trattati: Dati di utilizzo; numero di Utenti; statistiche delle sessioni; Strumenti di Tracciamento. Luogo del trattamento: Irlanda \u2013 <\/span><a href=\"https:\/\/business.safety.google\/privacy\/\"><span style=\"font-weight: 400;\">Privacy Policy<\/span><\/a><span style=\"font-weight: 400;\"> \u2013 <\/span><a href=\"https:\/\/tools.google.com\/dlpage\/gaoptout\"><span style=\"font-weight: 400;\">Opt out<\/span><\/a><span style=\"font-weight: 400;\">.<\/span><\/p>\t\t\t\t\t\t\t\t<\/div>\n\t\t\t\t<div class=\"elementor-element elementor-element-235df12 elementor-widget elementor-widget-heading\" data-id=\"235df12\" data-element_type=\"widget\" data-e-type=\"widget\" data-widget_type=\"heading.default\">\n\t\t\t\t\t<h2 class=\"elementor-heading-title elementor-size-default\">Cookie Policy<\/h2>\t\t\t\t<\/div>\n\t\t\t\t<div class=\"elementor-element elementor-element-cfcf9f9 elementor-widget elementor-widget-text-editor\" data-id=\"cfcf9f9\" data-element_type=\"widget\" data-e-type=\"widget\" data-widget_type=\"text-editor.default\">\n\t\t\t\t\t\t\t\t\t<p><span style=\"font-weight: 400;\">A-MARA Holix fa utilizzo di Strumenti di Tracciamento. Per saperne di pi\u00f9, gli Utenti possono consultare la Cookie Policy disponibile su amaraholix.it, dove \u00e8 anche possibile gestire e revocare in ogni momento le preferenze espresse tramite il banner di consenso.<\/span><\/p>\t\t\t\t\t\t\t\t<\/div>\n\t\t\t\t<div class=\"elementor-element elementor-element-f05b059 elementor-widget elementor-widget-heading\" data-id=\"f05b059\" data-element_type=\"widget\" data-e-type=\"widget\" data-widget_type=\"heading.default\">\n\t\t\t\t\t<h2 class=\"elementor-heading-title elementor-size-default\">Ulteriori informazioni per gli utenti<\/h2>\t\t\t\t<\/div>\n\t\t\t\t<div class=\"elementor-element elementor-element-4e547d9 elementor-widget elementor-widget-heading\" data-id=\"4e547d9\" data-element_type=\"widget\" data-e-type=\"widget\" data-widget_type=\"heading.default\">\n\t\t\t\t\t<h3 class=\"elementor-heading-title elementor-size-default\">Base giuridica del trattamento<\/h3>\t\t\t\t<\/div>\n\t\t\t\t<div class=\"elementor-element elementor-element-65cf0a9 elementor-widget elementor-widget-text-editor\" data-id=\"65cf0a9\" data-element_type=\"widget\" data-e-type=\"widget\" data-widget_type=\"text-editor.default\">\n\t\t\t\t\t\t\t\t\t<p><span style=\"font-weight: 400;\">Il Titolare tratta Dati Personali relativi all\u2019Utente in caso sussista una delle seguenti condizioni:<\/span><\/p><ul><li style=\"font-weight: 400;\" aria-level=\"1\"><span style=\"font-weight: 400;\">l\u2019Utente ha prestato il <\/span><b>consenso<\/b><span style=\"font-weight: 400;\"> per una o pi\u00f9 finalit\u00e0 specifiche (es. newsletter, pubblicit\u00e0, Strumenti di Tracciamento non necessari); per i dati relativi al benessere psicofisico, il <\/span><b>consenso esplicito<\/b><span style=\"font-weight: 400;\"> ex art. 9, par. 2, lett. a GDPR;<\/span><\/li><li style=\"font-weight: 400;\" aria-level=\"1\"><span style=\"font-weight: 400;\">il trattamento \u00e8 necessario all\u2019<\/span><b>esecuzione di un contratto<\/b><span style=\"font-weight: 400;\"> con l\u2019Utente e\/o all\u2019esecuzione di misure precontrattuali (es. registrazione, prenotazioni, pagamenti, e-commerce, fruizione dell\u2019app);<\/span><\/li><li style=\"font-weight: 400;\" aria-level=\"1\"><span style=\"font-weight: 400;\">il trattamento \u00e8 necessario per adempiere un <\/span><b>obbligo legale<\/b><span style=\"font-weight: 400;\"> al quale \u00e8 soggetto il Titolare (es. obblighi fiscali e contabili);<\/span><\/li><li style=\"font-weight: 400;\" aria-level=\"1\"><span style=\"font-weight: 400;\">il trattamento \u00e8 necessario per il perseguimento del <\/span><b>legittimo interesse<\/b><span style=\"font-weight: 400;\"> del Titolare o di terzi (es. sicurezza del Servizio, prevenzione frodi, difesa in giudizio).<\/span><\/li><\/ul><p><span style=\"font-weight: 400;\">\u00c8 comunque sempre possibile richiedere al Titolare di chiarire la concreta base giuridica di ciascun trattamento ed in particolare di specificare se il trattamento sia basato sulla legge, previsto da un contratto o necessario per concludere un contratto.<\/span><\/p>\t\t\t\t\t\t\t\t<\/div>\n\t\t\t\t<div class=\"elementor-element elementor-element-3e0c9e2 elementor-widget elementor-widget-heading\" data-id=\"3e0c9e2\" data-element_type=\"widget\" data-e-type=\"widget\" data-widget_type=\"heading.default\">\n\t\t\t\t\t<h3 class=\"elementor-heading-title elementor-size-default\">Ulteriori informazioni sul tempo di conservazione<\/h3>\t\t\t\t<\/div>\n\t\t\t\t<div class=\"elementor-element elementor-element-483048f elementor-widget elementor-widget-text-editor\" data-id=\"483048f\" data-element_type=\"widget\" data-e-type=\"widget\" data-widget_type=\"text-editor.default\">\n\t\t\t\t\t\t\t\t\t<p><span style=\"font-weight: 400;\">Se non diversamente indicato in questo documento, i Dati Personali sono trattati e conservati per il tempo richiesto dalla finalit\u00e0 per la quale sono stati raccolti. Pertanto:<\/span><\/p><ul><li style=\"font-weight: 400;\" aria-level=\"1\"><span style=\"font-weight: 400;\">i Dati Personali raccolti per scopi collegati all\u2019esecuzione di un contratto tra il Titolare e l\u2019Utente saranno trattenuti sino a quando sia completata l\u2019esecuzione di tale contratto e, successivamente, per il termine di prescrizione ordinaria applicabile;<\/span><\/li><li style=\"font-weight: 400;\" aria-level=\"1\"><span style=\"font-weight: 400;\">i dati di fatturazione sono conservati per 10 anni in adempimento agli obblighi di legge;<\/span><\/li><li style=\"font-weight: 400;\" aria-level=\"1\"><span style=\"font-weight: 400;\">i Dati Personali raccolti per finalit\u00e0 riconducibili all\u2019interesse legittimo del Titolare saranno trattenuti sino al soddisfacimento di tale interesse;<\/span><\/li><li style=\"font-weight: 400;\" aria-level=\"1\"><span style=\"font-weight: 400;\">quando il trattamento \u00e8 basato sul consenso dell\u2019Utente (inclusi i dati relativi al benessere), il Titolare conserva i Dati sino alla revoca del consenso e, in ogni caso, non oltre il tempo necessario alla finalit\u00e0.<\/span><\/li><\/ul><p><span style=\"font-weight: 400;\">Al termine del periodo di conservazione i Dati Personali saranno cancellati o anonimizzati. Pertanto, allo spirare di tale termine il diritto di accesso, cancellazione, rettificazione ed il diritto alla portabilit\u00e0 dei Dati non potranno pi\u00f9 essere esercitati.<\/span><\/p>\t\t\t\t\t\t\t\t<\/div>\n\t\t\t\t<div class=\"elementor-element elementor-element-275ac3f elementor-widget elementor-widget-heading\" data-id=\"275ac3f\" data-element_type=\"widget\" data-e-type=\"widget\" data-widget_type=\"heading.default\">\n\t\t\t\t\t<h3 class=\"elementor-heading-title elementor-size-default\">Diritti dell\u2019Utente sulla base del Regolamento Generale sulla Protezione dei Dati (GDPR)<\/h3>\t\t\t\t<\/div>\n\t\t\t\t<div class=\"elementor-element elementor-element-de0d4b0 elementor-widget elementor-widget-text-editor\" data-id=\"de0d4b0\" data-element_type=\"widget\" data-e-type=\"widget\" data-widget_type=\"text-editor.default\">\n\t\t\t\t\t\t\t\t\t<p><span style=\"font-weight: 400;\">Gli Utenti possono esercitare determinati diritti con riferimento ai Dati trattati dal Titolare. In particolare, nei limiti previsti dalla legge, l\u2019Utente ha il diritto di:<\/span><\/p><ul><li style=\"font-weight: 400;\" aria-level=\"1\"><b>revocare il consenso in ogni momento.<\/b><span style=\"font-weight: 400;\"> L\u2019Utente pu\u00f2 revocare il consenso al trattamento dei propri Dati Personali precedentemente espresso, senza pregiudizio per la liceit\u00e0 del trattamento effettuato prima della revoca.<\/span><\/li><li style=\"font-weight: 400;\" aria-level=\"1\"><b>opporsi al trattamento dei propri Dati.<\/b><span style=\"font-weight: 400;\"> L\u2019Utente pu\u00f2 opporsi al trattamento dei propri Dati quando esso avviene in virt\u00f9 di una base giuridica diversa dal consenso.<\/span><\/li><li style=\"font-weight: 400;\" aria-level=\"1\"><b>accedere ai propri Dati.<\/b><span style=\"font-weight: 400;\"> L\u2019Utente ha diritto ad ottenere informazioni sui Dati trattati dal Titolare, su determinati aspetti del trattamento ed a ricevere una copia dei Dati trattati.<\/span><\/li><li style=\"font-weight: 400;\" aria-level=\"1\"><b>verificare e chiedere la rettificazione.<\/b><span style=\"font-weight: 400;\"> L\u2019Utente pu\u00f2 verificare la correttezza dei propri Dati e richiederne l\u2019aggiornamento o la correzione.<\/span><\/li><li style=\"font-weight: 400;\" aria-level=\"1\"><b>ottenere la limitazione del trattamento.<\/b><span style=\"font-weight: 400;\"> L\u2019Utente pu\u00f2 richiedere la limitazione del trattamento dei propri Dati. In tal caso il Titolare non tratter\u00e0 i Dati per alcun altro scopo se non la loro conservazione.<\/span><\/li><li style=\"font-weight: 400;\" aria-level=\"1\"><b>ottenere la cancellazione o rimozione dei propri Dati Personali.<\/b><span style=\"font-weight: 400;\"> L\u2019Utente pu\u00f2 richiedere la cancellazione dei propri Dati da parte del Titolare.<\/span><\/li><li style=\"font-weight: 400;\" aria-level=\"1\"><b>ricevere i propri Dati o farli trasferire ad altro titolare.<\/b><span style=\"font-weight: 400;\"> L\u2019Utente ha diritto di ricevere i propri Dati in formato strutturato, di uso comune e leggibile da dispositivo automatico e, ove tecnicamente fattibile, di ottenerne il trasferimento senza ostacoli ad un altro titolare.<\/span><\/li><li style=\"font-weight: 400;\" aria-level=\"1\"><b>proporre reclamo.<\/b><span style=\"font-weight: 400;\"> L\u2019Utente pu\u00f2 proporre un reclamo all\u2019autorit\u00e0 di controllo della protezione dei dati personali competente (per l\u2019Italia, il Garante per la protezione dei dati personali \u2013 www.garanteprivacy.it) o agire in sede giudiziale.<\/span><\/li><\/ul><p><span style=\"font-weight: 400;\">Gli Utenti hanno diritto di ottenere informazioni in merito alla base giuridica per il trasferimento di Dati all\u2019estero, nonch\u00e9 in merito alle misure di sicurezza adottate dal Titolare per proteggere i loro Dati.<\/span><\/p>\t\t\t\t\t\t\t\t<\/div>\n\t\t\t\t<div class=\"elementor-element elementor-element-309f281 elementor-widget elementor-widget-heading\" data-id=\"309f281\" data-element_type=\"widget\" data-e-type=\"widget\" data-widget_type=\"heading.default\">\n\t\t\t\t\t<h3 class=\"elementor-heading-title elementor-size-default\">Dettagli sul diritto di opposizione<\/h3>\t\t\t\t<\/div>\n\t\t\t\t<div class=\"elementor-element elementor-element-614d040 elementor-widget elementor-widget-text-editor\" data-id=\"614d040\" data-element_type=\"widget\" data-e-type=\"widget\" data-widget_type=\"text-editor.default\">\n\t\t\t\t\t\t\t\t\t<p><span style=\"font-weight: 400;\">Quando i Dati Personali sono trattati nell\u2019interesse pubblico oppure per perseguire un interesse legittimo del Titolare, gli Utenti hanno diritto ad opporsi al trattamento per motivi connessi alla loro situazione particolare.<\/span><\/p><p><span style=\"font-weight: 400;\">Si fa presente agli Utenti che, ove i loro Dati fossero trattati con finalit\u00e0 di <\/span><b>marketing diretto<\/b><span style=\"font-weight: 400;\">, possono opporsi al trattamento in qualsiasi momento, gratuitamente e senza fornire alcuna motivazione. Qualora gli Utenti si oppongano al trattamento per finalit\u00e0 di marketing diretto, i Dati Personali non sono pi\u00f9 oggetto di trattamento per tali finalit\u00e0.<\/span><\/p>\t\t\t\t\t\t\t\t<\/div>\n\t\t\t\t<div class=\"elementor-element elementor-element-42ca325 elementor-widget elementor-widget-heading\" data-id=\"42ca325\" data-element_type=\"widget\" data-e-type=\"widget\" data-widget_type=\"heading.default\">\n\t\t\t\t\t<h3 class=\"elementor-heading-title elementor-size-default\">Come esercitare i diritti<\/h3>\t\t\t\t<\/div>\n\t\t\t\t<div class=\"elementor-element elementor-element-6cf045d elementor-widget elementor-widget-text-editor\" data-id=\"6cf045d\" data-element_type=\"widget\" data-e-type=\"widget\" data-widget_type=\"text-editor.default\">\n\t\t\t\t\t\t\t\t\t<p><span style=\"font-weight: 400;\">Eventuali richieste di esercizio dei diritti dell\u2019Utente possono essere indirizzate al Titolare attraverso i recapiti forniti in questo documento (<\/span><b>info@amaraholix.it<\/b><span style=\"font-weight: 400;\">) oppure, per gli Utenti dell\u2019app, tramite le apposite funzionalit\u00e0 disponibili nelle impostazioni dell\u2019account. La richiesta \u00e8 gratuita e il Titolare risponder\u00e0 nel pi\u00f9 breve tempo possibile, in ogni caso entro un mese, fornendo all\u2019Utente tutte le informazioni previste dalla legge. Eventuali rettifiche, cancellazioni o limitazioni del trattamento saranno comunicate dal Titolare a ciascuno dei destinatari, se esistenti, a cui sono stati trasmessi i Dati Personali, salvo che ci\u00f2 si riveli impossibile o implichi uno sforzo sproporzionato. Il Titolare comunica all\u2019Utente tali destinatari qualora egli lo richieda.<\/span><\/p>\t\t\t\t\t\t\t\t<\/div>\n\t\t\t\t<div class=\"elementor-element elementor-element-7504c5b elementor-widget elementor-widget-heading\" data-id=\"7504c5b\" data-element_type=\"widget\" data-e-type=\"widget\" data-widget_type=\"heading.default\">\n\t\t\t\t\t<h2 class=\"elementor-heading-title elementor-size-default\">Ulteriori informazioni sul trattamento<\/h2>\t\t\t\t<\/div>\n\t\t\t\t<div class=\"elementor-element elementor-element-5c9c959 elementor-widget elementor-widget-heading\" data-id=\"5c9c959\" data-element_type=\"widget\" data-e-type=\"widget\" data-widget_type=\"heading.default\">\n\t\t\t\t\t<h3 class=\"elementor-heading-title elementor-size-default\">Difesa in giudizio<\/h3>\t\t\t\t<\/div>\n\t\t\t\t<div class=\"elementor-element elementor-element-728411c elementor-widget elementor-widget-text-editor\" data-id=\"728411c\" data-element_type=\"widget\" data-e-type=\"widget\" data-widget_type=\"text-editor.default\">\n\t\t\t\t\t\t\t\t\t<p><span style=\"font-weight: 400;\">I Dati Personali dell\u2019Utente possono essere utilizzati da parte del Titolare in giudizio o nelle fasi preparatorie alla sua eventuale instaurazione per la difesa da abusi nell\u2019utilizzo di A-MARA Holix o dei Servizi connessi da parte dell\u2019Utente. L\u2019Utente dichiara di essere consapevole che il Titolare potrebbe essere obbligato a rivelare i Dati per ordine delle autorit\u00e0 pubbliche.<\/span><\/p>\t\t\t\t\t\t\t\t<\/div>\n\t\t\t\t<div class=\"elementor-element elementor-element-155b129 elementor-widget elementor-widget-heading\" data-id=\"155b129\" data-element_type=\"widget\" data-e-type=\"widget\" data-widget_type=\"heading.default\">\n\t\t\t\t\t<h3 class=\"elementor-heading-title elementor-size-default\">Informative specifiche<\/h3>\t\t\t\t<\/div>\n\t\t\t\t<div class=\"elementor-element elementor-element-cf82145 elementor-widget elementor-widget-text-editor\" data-id=\"cf82145\" data-element_type=\"widget\" data-e-type=\"widget\" data-widget_type=\"text-editor.default\">\n\t\t\t\t\t\t\t\t\t<p><span style=\"font-weight: 400;\">Su richiesta dell\u2019Utente, in aggiunta alle informazioni contenute in questa privacy policy, A-MARA Holix potrebbe fornire all\u2019Utente delle informative aggiuntive e contestuali riguardanti Servizi specifici, o la raccolta ed il trattamento di Dati Personali. In particolare, informative dedicate sono rese prima della raccolta di dati relativi al benessere psicofisico, in occasione dell\u2019iscrizione a retreat (anche in collaborazione con tour operator partner, autonomi titolari del trattamento per il pacchetto turistico) e nell\u2019ambito dei programmi di corporate wellness (per i quali il datore di lavoro dell\u2019Utente non riceve in alcun caso dati individuali, ma esclusivamente dati aggregati e anonimi).<\/span><\/p>\t\t\t\t\t\t\t\t<\/div>\n\t\t\t\t<div class=\"elementor-element elementor-element-f40a299 elementor-widget elementor-widget-heading\" data-id=\"f40a299\" data-element_type=\"widget\" data-e-type=\"widget\" data-widget_type=\"heading.default\">\n\t\t\t\t\t<h3 class=\"elementor-heading-title elementor-size-default\">Log di sistema e manutenzione<\/h3>\t\t\t\t<\/div>\n\t\t\t\t<div class=\"elementor-element elementor-element-b038e2e elementor-widget elementor-widget-text-editor\" data-id=\"b038e2e\" data-element_type=\"widget\" data-e-type=\"widget\" data-widget_type=\"text-editor.default\">\n\t\t\t\t\t\t\t\t\t<p><span style=\"font-weight: 400;\">Per necessit\u00e0 legate al funzionamento ed alla manutenzione, A-MARA Holix e gli eventuali servizi terzi da essa utilizzati potrebbero raccogliere log di sistema, ossia file che registrano le interazioni e che possono contenere anche Dati Personali, quali l\u2019indirizzo IP Utente.<\/span><\/p>\t\t\t\t\t\t\t\t<\/div>\n\t\t\t\t<div class=\"elementor-element elementor-element-64ee246 elementor-widget elementor-widget-heading\" data-id=\"64ee246\" data-element_type=\"widget\" data-e-type=\"widget\" data-widget_type=\"heading.default\">\n\t\t\t\t\t<h3 class=\"elementor-heading-title elementor-size-default\">Informazioni non contenute in questa policy<\/h3>\t\t\t\t<\/div>\n\t\t\t\t<div class=\"elementor-element elementor-element-9b038a1 elementor-widget elementor-widget-text-editor\" data-id=\"9b038a1\" data-element_type=\"widget\" data-e-type=\"widget\" data-widget_type=\"text-editor.default\">\n\t\t\t\t\t\t\t\t\t<p><span style=\"font-weight: 400;\">Ulteriori informazioni in relazione al trattamento dei Dati Personali potranno essere richieste in qualsiasi momento al Titolare del Trattamento utilizzando gli estremi di contatto.<\/span><\/p>\t\t\t\t\t\t\t\t<\/div>\n\t\t\t\t<div class=\"elementor-element elementor-element-47565f1 elementor-widget elementor-widget-heading\" data-id=\"47565f1\" data-element_type=\"widget\" data-e-type=\"widget\" data-widget_type=\"heading.default\">\n\t\t\t\t\t<h2 class=\"elementor-heading-title elementor-size-default\">Modifiche a questa privacy policy<\/h2>\t\t\t\t<\/div>\n\t\t\t\t<div class=\"elementor-element elementor-element-c7caab9 elementor-widget elementor-widget-text-editor\" data-id=\"c7caab9\" data-element_type=\"widget\" data-e-type=\"widget\" data-widget_type=\"text-editor.default\">\n\t\t\t\t\t\t\t\t\t<p><span style=\"font-weight: 400;\">Il Titolare del Trattamento si riserva il diritto di apportare modifiche alla presente privacy policy in qualunque momento notificandolo agli Utenti su questa pagina e, se possibile, su A-MARA Holix (anche tramite notifica in-app) nonch\u00e9, qualora tecnicamente e legalmente fattibile, inviando una notifica agli Utenti attraverso uno degli estremi di contatto di cui \u00e8 in possesso. Si prega dunque di consultare con frequenza questa pagina, facendo riferimento alla data di ultima modifica indicata in fondo.<\/span><\/p><p><span style=\"font-weight: 400;\">Qualora le modifiche interessino trattamenti la cui base giuridica \u00e8 il consenso, il Titolare provveder\u00e0 a raccogliere nuovamente il consenso dell\u2019Utente, se necessario.<\/span><\/p>\t\t\t\t\t\t\t\t<\/div>\n\t\t\t\t<div class=\"elementor-element elementor-element-ad37aeb elementor-widget elementor-widget-heading\" data-id=\"ad37aeb\" data-element_type=\"widget\" data-e-type=\"widget\" data-widget_type=\"heading.default\">\n\t\t\t\t\t<h2 class=\"elementor-heading-title elementor-size-default\">Definizioni e riferimenti legali<\/h2>\t\t\t\t<\/div>\n\t\t\t\t<div class=\"elementor-element elementor-element-cd7a69f elementor-widget elementor-widget-text-editor\" data-id=\"cd7a69f\" data-element_type=\"widget\" data-e-type=\"widget\" data-widget_type=\"text-editor.default\">\n\t\t\t\t\t\t\t\t\t<p><b>Dati Personali (o Dati)<\/b><span style=\"font-weight: 400;\"> Costituisce dato personale qualunque informazione che, direttamente o indirettamente, anche in collegamento con qualsiasi altra informazione, ivi compreso un numero di identificazione personale, renda identificata o identificabile una persona fisica.<\/span><\/p><p><b>Categorie particolari di dati<\/b><span style=\"font-weight: 400;\"> I dati personali che rivelino l\u2019origine razziale o etnica, le opinioni politiche, le convinzioni religiose o filosofiche, o l\u2019appartenenza sindacale, nonch\u00e9 dati genetici, dati biometrici, dati relativi alla salute o alla vita sessuale o all\u2019orientamento sessuale della persona (art. 9 GDPR).<\/span><\/p><p><b>Dati di Utilizzo<\/b><span style=\"font-weight: 400;\"> Sono le informazioni raccolte automaticamente attraverso A-MARA Holix (anche da applicazioni di parti terze integrate in A-MARA Holix), tra cui: gli indirizzi IP o i nomi a dominio dei dispositivi utilizzati dall\u2019Utente, gli indirizzi in notazione URI, l\u2019orario della richiesta, il metodo utilizzato nell\u2019inoltrare la richiesta al server, la dimensione del file ottenuto in risposta, il codice numerico indicante lo stato della risposta dal server, il paese di provenienza, le caratteristiche del browser e del sistema operativo, le varie connotazioni temporali della visita e i dettagli relativi all\u2019itinerario seguito all\u2019interno dell\u2019Applicazione.<\/span><\/p><p><b>Utente<\/b><span style=\"font-weight: 400;\"> L\u2019individuo che utilizza A-MARA Holix che, salvo ove diversamente specificato, coincide con l\u2019Interessato.<\/span><\/p><p><b>Interessato<\/b><span style=\"font-weight: 400;\"> La persona fisica cui si riferiscono i Dati Personali.<\/span><\/p><p><b>Responsabile del Trattamento (o Responsabile)<\/b><span style=\"font-weight: 400;\"> La persona fisica, giuridica, la pubblica amministrazione e qualsiasi altro ente che tratta dati personali per conto del Titolare, secondo quanto esposto nella presente privacy policy.<\/span><\/p><p><b>Titolare del Trattamento (o Titolare)<\/b><span style=\"font-weight: 400;\"> La persona fisica o giuridica, l\u2019autorit\u00e0 pubblica, il servizio o altro organismo che, singolarmente o insieme ad altri, determina le finalit\u00e0 e i mezzi del trattamento di dati personali e gli strumenti adottati, ivi comprese le misure di sicurezza relative al funzionamento ed alla fruizione di A-MARA Holix. Il Titolare del Trattamento \u00e8 A-MARA Holix S.r.l.<\/span><\/p><p><b>A-MARA Holix (o questa Applicazione)<\/b><span style=\"font-weight: 400;\"> Lo strumento hardware o software mediante il quale sono raccolti e trattati i Dati Personali degli Utenti, ossia il sito web amaraholix.it e l\u2019applicazione mobile A-MARA.<\/span><\/p><p><b>Servizio<\/b><span style=\"font-weight: 400;\"> Il Servizio fornito da A-MARA Holix cos\u00ec come definito nei relativi termini (se presenti) su questo sito\/applicazione.<\/span><\/p><p><b>Unione Europea (o UE)<\/b><span style=\"font-weight: 400;\"> Salvo ove diversamente specificato, ogni riferimento all\u2019Unione Europea contenuto in questo documento si intende esteso a tutti gli attuali stati membri dell\u2019Unione Europea e dello Spazio Economico Europeo.<\/span><\/p><p><b>Cookie<\/b><span style=\"font-weight: 400;\"> I Cookie sono Strumenti di Tracciamento che consistono in piccole porzioni di dati conservate all\u2019interno del browser dell\u2019Utente.<\/span><\/p><p><b>Strumento di Tracciamento<\/b><span style=\"font-weight: 400;\"> Per Strumento di Tracciamento s\u2019intende qualsiasi tecnologia \u2013 es. Cookie, identificativi univoci, web beacon, script integrati, e-tag e fingerprinting \u2013 che consenta di tracciare gli Utenti, per esempio raccogliendo o salvando informazioni sul dispositivo dell\u2019Utente.<\/span><\/p><p><b>Riferimenti legali<\/b><span style=\"font-weight: 400;\"> La presente informativa \u00e8 redatta ai sensi del Regolamento (UE) 2016\/679 (GDPR), del D.Lgs. 196\/2003 come modificato dal D.Lgs. 101\/2018, nonch\u00e9 delle Linee guida del Garante per la protezione dei dati personali in materia di cookie e altri strumenti di tracciamento. Ove non diversamente specificato, questa informativa riguarda esclusivamente A-MARA Holix.<\/span><\/p>\t\t\t\t\t\t\t\t<\/div>\n\t\t\t\t\t<\/div>\n\t\t\t\t<\/div>\n\t\t\t\t<\/div>","protected":false},"excerpt":{"rendered":"<p>Privacy Policy Privacy Policy di A-MARA Holix A-MARA Holix raccoglie alcuni Dati Personali dei propri Utenti. La presente informativa si applica al sito web amaraholix.it e all\u2019applicazione mobile A-MARA (di seguito, congiuntamente, \u201cA-MARA Holix\u201d o \u201cl\u2019Applicazione\u201d) ed \u00e8 resa ai sensi degli artt. 13 e 14 del Regolamento (UE) 2016\/679 (\u201cGDPR\u201d) e del D.Lgs. 196\/2003 [&hellip;]<\/p>\n","protected":false},"author":1,"featured_media":0,"parent":0,"menu_order":0,"comment_status":"closed","ping_status":"closed","template":"","meta":{"footnotes":""},"class_list":["post-169","page","type-page","status-publish","hentry"],"yoast_head":"<!-- This site is optimized with the Yoast SEO plugin v28.2 - https:\/\/yoast.com\/product\/yoast-seo-wordpress\/ -->\n<title>Privacy Policy | A\u2011MARA Holix<\/title>\n<meta name=\"description\" content=\"Consulta la Privacy Policy di A\u2011MARA Holix: dati raccolti, finalit\u00e0 e modalit\u00e0 del trattamento, conservazione e diritti degli utenti.\" \/>\n<meta name=\"robots\" content=\"index, follow, max-snippet:-1, max-image-preview:large, max-video-preview:-1\" \/>\n<link rel=\"canonical\" href=\"https:\/\/amaraholix.it\/en\/privacy-policy\/\" \/>\n<meta property=\"og:locale\" content=\"en_GB\" \/>\n<meta property=\"og:type\" content=\"article\" \/>\n<meta property=\"og:title\" content=\"Privacy Policy | A\u2011MARA Holix\" \/>\n<meta property=\"og:description\" content=\"Consulta la Privacy Policy di A\u2011MARA Holix: dati raccolti, finalit\u00e0 e modalit\u00e0 del trattamento, conservazione e diritti degli utenti.\" \/>\n<meta property=\"og:url\" content=\"https:\/\/amaraholix.it\/en\/privacy-policy\/\" \/>\n<meta property=\"og:site_name\" content=\"A-Mara Holix\" \/>\n<meta property=\"article:modified_time\" content=\"2026-09-03T09:50:27+00:00\" \/>\n<meta name=\"twitter:card\" content=\"summary_large_image\" \/>\n<meta name=\"twitter:label1\" content=\"Estimated reading time\" \/>\n\t<meta name=\"twitter:data1\" content=\"24 minutes\" \/>\n<script type=\"application\/ld+json\" class=\"yoast-schema-graph\">{\"@context\":\"https:\\\/\\\/schema.org\",\"@graph\":[{\"@type\":\"WebPage\",\"@id\":\"https:\\\/\\\/amaraholix.it\\\/privacy-policy\\\/\",\"url\":\"https:\\\/\\\/amaraholix.it\\\/privacy-policy\\\/\",\"name\":\"Privacy Policy | A\u2011MARA Holix\",\"isPartOf\":{\"@id\":\"https:\\\/\\\/amaraholix.it\\\/#website\"},\"datePublished\":\"2026-07-10T17:04:02+00:00\",\"dateModified\":\"2026-09-03T09:50:27+00:00\",\"description\":\"Consulta la Privacy Policy di A\u2011MARA Holix: dati raccolti, finalit\u00e0 e modalit\u00e0 del trattamento, conservazione e diritti degli utenti.\",\"breadcrumb\":{\"@id\":\"https:\\\/\\\/amaraholix.it\\\/privacy-policy\\\/#breadcrumb\"},\"inLanguage\":\"en-GB\",\"potentialAction\":[{\"@type\":\"ReadAction\",\"target\":[\"https:\\\/\\\/amaraholix.it\\\/privacy-policy\\\/\"]}]},{\"@type\":\"BreadcrumbList\",\"@id\":\"https:\\\/\\\/amaraholix.it\\\/privacy-policy\\\/#breadcrumb\",\"itemListElement\":[{\"@type\":\"ListItem\",\"position\":1,\"name\":\"Home\",\"item\":\"https:\\\/\\\/amaraholix.it\\\/\"},{\"@type\":\"ListItem\",\"position\":2,\"name\":\"Privacy Policy\"}]},{\"@type\":\"WebSite\",\"@id\":\"https:\\\/\\\/amaraholix.it\\\/#website\",\"url\":\"https:\\\/\\\/amaraholix.it\\\/\",\"name\":\"A-Mara Holix\",\"description\":\"\",\"publisher\":{\"@id\":\"https:\\\/\\\/amaraholix.it\\\/#organization\"},\"potentialAction\":[{\"@type\":\"SearchAction\",\"target\":{\"@type\":\"EntryPoint\",\"urlTemplate\":\"https:\\\/\\\/amaraholix.it\\\/?s={search_term_string}\"},\"query-input\":{\"@type\":\"PropertyValueSpecification\",\"valueRequired\":true,\"valueName\":\"search_term_string\"}}],\"inLanguage\":\"en-GB\"},{\"@type\":\"Organization\",\"@id\":\"https:\\\/\\\/amaraholix.it\\\/#organization\",\"name\":\"A-Mara Holix\",\"url\":\"https:\\\/\\\/amaraholix.it\\\/\",\"logo\":{\"@type\":\"ImageObject\",\"inLanguage\":\"en-GB\",\"@id\":\"https:\\\/\\\/amaraholix.it\\\/#\\\/schema\\\/logo\\\/image\\\/\",\"url\":\"https:\\\/\\\/amaraholix.it\\\/wp-content\\\/uploads\\\/2026\\\/07\\\/A-MARA-logo-orizzontale-completo.png\",\"contentUrl\":\"https:\\\/\\\/amaraholix.it\\\/wp-content\\\/uploads\\\/2026\\\/07\\\/A-MARA-logo-orizzontale-completo.png\",\"width\":1486,\"height\":492,\"caption\":\"A-Mara Holix\"},\"image\":{\"@id\":\"https:\\\/\\\/amaraholix.it\\\/#\\\/schema\\\/logo\\\/image\\\/\"}}]}<\/script>\n<!-- \/ Yoast SEO plugin. -->","yoast_head_json":{"title":"Privacy Policy | A\u2011MARA Holix","description":"Consulta la Privacy Policy di A\u2011MARA Holix: dati raccolti, finalit\u00e0 e modalit\u00e0 del trattamento, conservazione e diritti degli utenti.","robots":{"index":"index","follow":"follow","max-snippet":"max-snippet:-1","max-image-preview":"max-image-preview:large","max-video-preview":"max-video-preview:-1"},"canonical":"https:\/\/amaraholix.it\/en\/privacy-policy\/","og_locale":"en_GB","og_type":"article","og_title":"Privacy Policy | A\u2011MARA Holix","og_description":"Consulta la Privacy Policy di A\u2011MARA Holix: dati raccolti, finalit\u00e0 e modalit\u00e0 del trattamento, conservazione e diritti degli utenti.","og_url":"https:\/\/amaraholix.it\/en\/privacy-policy\/","og_site_name":"A-Mara Holix","article_modified_time":"2026-09-03T09:50:27+00:00","twitter_card":"summary_large_image","twitter_misc":{"Estimated reading time":"24 minutes"},"schema":{"@context":"https:\/\/schema.org","@graph":[{"@type":"WebPage","@id":"https:\/\/amaraholix.it\/privacy-policy\/","url":"https:\/\/amaraholix.it\/privacy-policy\/","name":"Privacy Policy | A\u2011MARA Holix","isPartOf":{"@id":"https:\/\/amaraholix.it\/#website"},"datePublished":"2026-07-10T17:04:02+00:00","dateModified":"2026-09-03T09:50:27+00:00","description":"Consulta la Privacy Policy di A\u2011MARA Holix: dati raccolti, finalit\u00e0 e modalit\u00e0 del trattamento, conservazione e diritti degli utenti.","breadcrumb":{"@id":"https:\/\/amaraholix.it\/privacy-policy\/#breadcrumb"},"inLanguage":"en-GB","potentialAction":[{"@type":"ReadAction","target":["https:\/\/amaraholix.it\/privacy-policy\/"]}]},{"@type":"BreadcrumbList","@id":"https:\/\/amaraholix.it\/privacy-policy\/#breadcrumb","itemListElement":[{"@type":"ListItem","position":1,"name":"Home","item":"https:\/\/amaraholix.it\/"},{"@type":"ListItem","position":2,"name":"Privacy Policy"}]},{"@type":"WebSite","@id":"https:\/\/amaraholix.it\/#website","url":"https:\/\/amaraholix.it\/","name":"A-Mara Holix","description":"","publisher":{"@id":"https:\/\/amaraholix.it\/#organization"},"potentialAction":[{"@type":"SearchAction","target":{"@type":"EntryPoint","urlTemplate":"https:\/\/amaraholix.it\/?s={search_term_string}"},"query-input":{"@type":"PropertyValueSpecification","valueRequired":true,"valueName":"search_term_string"}}],"inLanguage":"en-GB"},{"@type":"Organization","@id":"https:\/\/amaraholix.it\/#organization","name":"A-Mara Holix","url":"https:\/\/amaraholix.it\/","logo":{"@type":"ImageObject","inLanguage":"en-GB","@id":"https:\/\/amaraholix.it\/#\/schema\/logo\/image\/","url":"https:\/\/amaraholix.it\/wp-content\/uploads\/2026\/07\/A-MARA-logo-orizzontale-completo.png","contentUrl":"https:\/\/amaraholix.it\/wp-content\/uploads\/2026\/07\/A-MARA-logo-orizzontale-completo.png","width":1486,"height":492,"caption":"A-Mara Holix"},"image":{"@id":"https:\/\/amaraholix.it\/#\/schema\/logo\/image\/"}}]}},"_links":{"self":[{"href":"https:\/\/amaraholix.it\/en\/wp-json\/wp\/v2\/pages\/169","targetHints":{"allow":["GET"]}}],"collection":[{"href":"https:\/\/amaraholix.it\/en\/wp-json\/wp\/v2\/pages"}],"about":[{"href":"https:\/\/amaraholix.it\/en\/wp-json\/wp\/v2\/types\/page"}],"author":[{"embeddable":true,"href":"https:\/\/amaraholix.it\/en\/wp-json\/wp\/v2\/users\/1"}],"replies":[{"embeddable":true,"href":"https:\/\/amaraholix.it\/en\/wp-json\/wp\/v2\/comments?post=169"}],"version-history":[{"count":23,"href":"https:\/\/amaraholix.it\/en\/wp-json\/wp\/v2\/pages\/169\/revisions"}],"predecessor-version":[{"id":1962,"href":"https:\/\/amaraholix.it\/en\/wp-json\/wp\/v2\/pages\/169\/revisions\/1962"}],"wp:attachment":[{"href":"https:\/\/amaraholix.it\/en\/wp-json\/wp\/v2\/media?parent=169"}],"curies":[{"name":"wp","href":"https:\/\/api.w.org\/{rel}","templated":true}]}}